{"id":735,"date":"2018-08-31T14:20:31","date_gmt":"2018-08-31T17:20:31","guid":{"rendered":"https:\/\/pslvav-sal.infd.edu.ar\/sitio\/tecnicatura-en-higiene-y-seguridad-en-el-trabajo\/"},"modified":"2024-09-03T19:35:17","modified_gmt":"2024-09-03T22:35:17","slug":"tecnicatura-en-higiene-y-seguridad-en-el-trabajo","status":"publish","type":"page","link":"https:\/\/pslvav-sal.infd.edu.ar\/sitio\/tecnicatura-en-higiene-y-seguridad-en-el-trabajo\/","title":{"rendered":"Tecnicatura en Higiene y Seguridad en el Trabajo"},"content":{"rendered":"<p>Las enfermedades profesionales y los accidentes del trabajo, constituyen un serio problema en nuestra sociedad, por lo tanto es de significativa importancia la aplicaci\u00f3n de medidas preventivas para su disminuci\u00f3n, a trav\u00e9s de una acci\u00f3n permanente en la capacitaci\u00f3n y formaci\u00f3n de los trabajadores con desempe\u00f1o en los distintos niveles de la empresa, por parte de los profesionales en la materia.<\/p>\n<p style=\"text-align: center;\"><img decoding=\"async\" src=\"https:\/\/pslvav-sal.infd.edu.ar\/sitio\/wp-content\/uploads\/2018\/08\/higi1.jpg\" border=\"0\" \/><\/p>\n<p style=\"text-align: center;\"><span style=\"text-decoration: underline;\">Plan de Estudio<\/span><\/p>\n<p>Nivel: Superior<\/p>\n<p>Duraci\u00f3n: 3 (tres) a\u00f1os<\/p>\n<p>Modalidad: Presencial<\/p>\n<p>\u00a0<\/p>\n<p>1\u00ba A\u00f1o<\/p>\n<p>Comprensi\u00f3n de Textos\u00a0\u00a0\u00a0\u00a0\u00a0\u00a0\u00a0\u00a0 Matem\u00e1tica<\/p>\n<p>Organizaci\u00f3n Industrial\u00a0\u00a0\u00a0\u00a0\u00a0\u00a0\u00a0\u00a0 Estad\u00edsticas y Costos<\/p>\n<p>Psicolog\u00eda Laboral\u00a0\u00a0\u00a0\u00a0\u00a0\u00a0\u00a0\u00a0\u00a0\u00a0\u00a0\u00a0\u00a0\u00a0\u00a0\u00a0\u00a0 Medicina del Trabajo<\/p>\n<p>Sociolog\u00eda \u00a0\u00a0\u00a0\u00a0\u00a0\u00a0\u00a0\u00a0\u00a0\u00a0\u00a0\u00a0\u00a0\u00a0\u00a0\u00a0\u00a0\u00a0\u00a0\u00a0\u00a0\u00a0\u00a0\u00a0\u00a0\u00a0\u00a0\u00a0 Seguridad I<\/p>\n<p>Derecho del Trabajo\u00a0\u00a0\u00a0\u00a0\u00a0\u00a0\u00a0\u00a0\u00a0\u00a0\u00a0\u00a0\u00a0 Pr\u00e1ctica Profesional I<\/p>\n<p>Relaciones Humanas<\/p>\n<p>\u00a0<\/p>\n<p>2\u00ba A\u00f1o<\/p>\n<p>Inform\u00e1tica Aplicada\u00a0\u00a0\u00a0\u00a0\u00a0\u00a0\u00a0\u00a0\u00a0\u00a0\u00a0\u00a0 Estudio del trabajo y Ergonom\u00eda<\/p>\n<p>\u00c9tica Aplicada\u00a0\u00a0\u00a0\u00a0\u00a0\u00a0\u00a0\u00a0\u00a0\u00a0\u00a0\u00a0\u00a0\u00a0\u00a0\u00a0\u00a0\u00a0\u00a0\u00a0\u00a0\u00a0\u00a0Medicina del Trabajo II<\/p>\n<p>F\u00edsica I\u00a0\u00a0\u00a0\u00a0\u00a0\u00a0\u00a0\u00a0\u00a0\u00a0\u00a0\u00a0\u00a0\u00a0\u00a0\u00a0\u00a0\u00a0\u00a0\u00a0\u00a0\u00a0\u00a0\u00a0\u00a0\u00a0\u00a0\u00a0\u00a0\u00a0\u00a0\u00a0\u00a0\u00a0Seguridad II<\/p>\n<p>F\u00edsica II\u00a0\u00a0\u00a0\u00a0\u00a0\u00a0\u00a0\u00a0\u00a0\u00a0\u00a0\u00a0\u00a0\u00a0\u00a0\u00a0\u00a0\u00a0\u00a0\u00a0\u00a0\u00a0\u00a0\u00a0\u00a0\u00a0\u00a0\u00a0\u00a0\u00a0\u00a0\u00a0\u00a0Seguridad III<\/p>\n<p>Qu\u00edmica I\u00a0\u00a0\u00a0\u00a0\u00a0\u00a0\u00a0\u00a0\u00a0\u00a0\u00a0\u00a0\u00a0\u00a0\u00a0\u00a0\u00a0\u00a0\u00a0\u00a0\u00a0\u00a0\u00a0\u00a0\u00a0\u00a0\u00a0\u00a0\u00a0\u00a0Higiene Laboral<\/p>\n<p>Control de Contaminaci\u00f3n \u00a0\u00a0\u00a0\u00a0y Pr\u00e1ctica Profesional II<\/p>\n<p>Tratamiento de Residuos<\/p>\n<p>\u00a0<\/p>\n<p>3\u00ba\u00a0 A\u00f1o<\/p>\n<p>Administraci\u00f3n de las \u00a0\u00a0\u00a0\u00a0\u00a0\u00a0\u00a0\u00a0\u00a0\u00a0\u00a0Higiene III: Carga T\u00e9rmica-Calidad<\/p>\n<p>Organizaciones\u00a0\u00a0\u00a0\u00a0\u00a0\u00a0\u00a0\u00a0\u00a0\u00a0\u00a0\u00a0\u00a0\u00a0\u00a0\u00a0\u00a0\u00a0\u00a0\u00a0\u00a0 del aire en el ambiente laboral<\/p>\n<p>Ingl\u00e9s \u00a0\u00a0\u00a0\u00a0\u00a0\u00a0\u00a0\u00a0\u00a0\u00a0\u00a0\u00a0\u00a0\u00a0\u00a0\u00a0\u00a0\u00a0\u00a0\u00a0\u00a0\u00a0\u00a0\u00a0\u00a0\u00a0\u00a0\u00a0\u00a0\u00a0\u00a0\u00a0\u00a0\u00a0\u00a0Seguridad IV<\/p>\n<p>Selecci\u00f3n y Capacitaci\u00f3n\u00a0\u00a0\u00a0\u00a0\u00a0\u00a0 \u00a0Seguridad V<\/p>\n<p>Qu\u00edmica II\u00a0\u00a0\u00a0\u00a0\u00a0\u00a0\u00a0\u00a0\u00a0\u00a0\u00a0\u00a0\u00a0\u00a0\u00a0\u00a0\u00a0\u00a0\u00a0\u00a0\u00a0\u00a0\u00a0\u00a0\u00a0\u00a0\u00a0\u00a0\u00a0 An\u00e1lisis de Riesgos<\/p>\n<p>Higiene I: Ruidos y \u00a0\u00a0\u00a0\u00a0\u00a0\u00a0\u00a0\u00a0\u00a0\u00a0\u00a0\u00a0\u00a0\u00a0\u00a0\u00a0Pr\u00e1ctica Profesional III<\/p>\n<p>Vibraciones<\/p>\n<p>Higiene II: Iluminaci\u00f3n y<\/p>\n<p>Calor<\/p>\n<h2><a href=\"https:\/\/pslvav-sal.infd.edu.ar\/sitio\/wp-content\/uploads\/2024\/09\/R3779-09-1.pdf\">PLAN DE ESTUDIOS HYS <\/a><\/h2>\n<h3><a href=\"https:\/\/drive.google.com\/file\/d\/1hGv4v1yR1NWp3ZH_5GsALtsgHHpBGpz9\/view?usp=sharing\">MODIFICATORIA PARCIAL<\/a><\/h3>\n<h5>\u00a0<\/h5>\n<h5><a href=\"https:\/\/drive.google.com\/drive\/folders\/13k27kI1v9cwXVOJUkBVsS3znsfJTRvjx?usp=sharing\">PROGRAMAS 2020 DE HIGIENE Y SEGURIDAD EXTENSION AULICA LA CALDERA<\/a><\/h5>\n<h5><a href=\"https:\/\/drive.google.com\/drive\/folders\/1R4pXx4Dwh-wjh764EUmDtHa3GZuIRUor?usp=sharing\">PROGRAMAS 2021 HIGIENE Y SEGURIDAD<\/a><\/h5>\n<h5><a href=\"https:\/\/drive.google.com\/drive\/folders\/1tHm2OBKF0w1bVwKTpATVnCFvESpwifu1?usp=sharing\">PROGRAMAS HIGIENE Y SEGURIDAD 2DO. CUATRIMESTRE 2021<\/a><\/h5>\n<h2><a href=\"https:\/\/drive.google.com\/drive\/folders\/1p-JsWhqJZX2dI3Zl_rbc6UocPOvZEpiH\">PROGRAMAS 2024<\/a><\/h2>\n\n\n<p><\/p>\n","protected":false},"excerpt":{"rendered":"<p>Las enfermedades profesionales y los accidentes del trabajo, constituyen un serio problema en nuestra sociedad, por lo tanto es de significativa importancia la aplicaci\u00f3n de medidas preventivas para su disminuci\u00f3n, a trav\u00e9s de una acci\u00f3n permanente en la capacitaci\u00f3n y formaci\u00f3n de los trabajadores con desempe\u00f1o en los distintos niveles de la empresa, por parte &#8230; <a title=\"Tecnicatura en Higiene y Seguridad en el Trabajo\" class=\"read-more\" href=\"https:\/\/pslvav-sal.infd.edu.ar\/sitio\/tecnicatura-en-higiene-y-seguridad-en-el-trabajo\/\" aria-label=\"More on Tecnicatura en Higiene y Seguridad en el Trabajo\">[+]<\/a><\/p>\n","protected":false},"author":178,"featured_media":0,"parent":0,"menu_order":0,"comment_status":"closed","ping_status":"closed","template":"","meta":[],"acf":[],"_links":{"self":[{"href":"https:\/\/pslvav-sal.infd.edu.ar\/sitio\/wp-json\/wp\/v2\/pages\/735"}],"collection":[{"href":"https:\/\/pslvav-sal.infd.edu.ar\/sitio\/wp-json\/wp\/v2\/pages"}],"about":[{"href":"https:\/\/pslvav-sal.infd.edu.ar\/sitio\/wp-json\/wp\/v2\/types\/page"}],"author":[{"embeddable":true,"href":"https:\/\/pslvav-sal.infd.edu.ar\/sitio\/wp-json\/wp\/v2\/users\/178"}],"replies":[{"embeddable":true,"href":"https:\/\/pslvav-sal.infd.edu.ar\/sitio\/wp-json\/wp\/v2\/comments?post=735"}],"version-history":[{"count":12,"href":"https:\/\/pslvav-sal.infd.edu.ar\/sitio\/wp-json\/wp\/v2\/pages\/735\/revisions"}],"predecessor-version":[{"id":1462,"href":"https:\/\/pslvav-sal.infd.edu.ar\/sitio\/wp-json\/wp\/v2\/pages\/735\/revisions\/1462"}],"wp:attachment":[{"href":"https:\/\/pslvav-sal.infd.edu.ar\/sitio\/wp-json\/wp\/v2\/media?parent=735"}],"curies":[{"name":"wp","href":"https:\/\/api.w.org\/{rel}","templated":true}]}}